{"id":116,"date":"2020-04-30T13:58:34","date_gmt":"2020-04-30T13:58:34","guid":{"rendered":"http:\/\/justus.plus\/justus.plus\/?page_id=116"},"modified":"2025-01-22T09:44:20","modified_gmt":"2025-01-22T09:44:20","slug":"2tallbikesforcourage","status":"publish","type":"page","link":"https:\/\/www.justus.plus\/de\/2tallbikesforcourage\/","title":{"rendered":"2 Tallbikes f\u00fcr mehr Mut"},"content":{"rendered":"<div class=\"wp-block-columns is-layout-flex wp-container-core-columns-is-layout-ee72f570 wp-block-columns-is-layout-flex\" style=\"padding-top:30vh;padding-bottom:5vh\">\n<div class=\"wp-block-column is-layout-flow wp-block-column-is-layout-flow\" style=\"padding-top:24px;flex-basis:33.33%\">\n<p class=\"has-martian-mono-font-family\" style=\"padding-top:0px;padding-right:8%;padding-bottom:40px;font-size:14px\">2018<br><br>Mit <a href=\"https:\/\/darianazarenko.co\/\" target=\"_blank\" rel=\"noreferrer noopener\">Daria Nazarenko<\/a><br><a href=\"https:\/\/www.youtube.com\/watch?v=QD0bv0d3NGA\" target=\"_blank\" rel=\"noreferrer noopener\">Our TEDx<\/a><\/p>\n<\/div>\n\n\n\n<div class=\"wp-block-column max-width is-layout-flow wp-block-column-is-layout-flow\" style=\"flex-basis:66%\">\n<h1 class=\"wp-block-heading h1\">2 Tallbikes f\u00fcr mehr Mut<\/h1>\n<\/div>\n<\/div>\n\n\n\n<div class=\"wp-block-columns is-layout-flex wp-container-core-columns-is-layout-28f84493 wp-block-columns-is-layout-flex\">\n<div class=\"wp-block-column is-layout-flow wp-block-column-is-layout-flow\" style=\"flex-basis:33.33%\"><\/div>\n\n\n\n<div class=\"wp-block-column is-layout-flow wp-block-column-is-layout-flow\" style=\"flex-basis:50%\">\n<p class=\"max-width\">Wovor hast du Angst? F\u00fcr die meisten Menschen ist das eine schwierige Frage. Dennoch ist Angst eine unserer Hauptmotivationen im Leben und ein st\u00e4ndiges Thema in Politik und Medien. Die gro\u00dfen Themen in unserer heutigen Gesellschaft \u2013 Klimawandel, Migration, Arbeit, Terrorismus \u2013 stehen alle in direktem Zusammenhang mit Angst.<\/p>\n<\/div>\n<\/div>\n\n\n\n<div class=\"wp-block-columns is-layout-flex wp-container-core-columns-is-layout-efd365b7 wp-block-columns-is-layout-flex\" style=\"padding-top:10vh;padding-bottom:10vh\">\n<div class=\"wp-block-column is-layout-flow wp-block-column-is-layout-flow\" style=\"flex-basis:33.33%\"><\/div>\n\n\n\n<div class=\"wp-block-column is-layout-flow wp-block-column-is-layout-flow\" style=\"flex-basis:66.66%\">\n<figure class=\"wp-block-image size-full\"><img loading=\"lazy\" decoding=\"async\" width=\"1888\" height=\"1074\" src=\"https:\/\/www.justus.plus\/wp-content\/uploads\/2025\/01\/Screenshot-2025-01-22-at-08.57.37-1.jpg\" alt=\"Two people giving a TEDx talk about tallbikes\" class=\"wp-image-1400\" srcset=\"https:\/\/www.justus.plus\/wp-content\/uploads\/2025\/01\/Screenshot-2025-01-22-at-08.57.37-1.jpg 1888w, https:\/\/www.justus.plus\/wp-content\/uploads\/2025\/01\/Screenshot-2025-01-22-at-08.57.37-1-150x85.jpg 150w, https:\/\/www.justus.plus\/wp-content\/uploads\/2025\/01\/Screenshot-2025-01-22-at-08.57.37-1-768x437.jpg 768w, https:\/\/www.justus.plus\/wp-content\/uploads\/2025\/01\/Screenshot-2025-01-22-at-08.57.37-1-1536x874.jpg 1536w\" sizes=\"auto, (max-width: 1888px) 100vw, 1888px\" \/><figcaption class=\"wp-element-caption\">TEDx Uni Halle<\/figcaption><\/figure>\n<\/div>\n<\/div>\n\n\n\n<div class=\"wp-block-group has-global-padding is-layout-constrained wp-block-group-is-layout-constrained\">\n<div class=\"wp-block-columns is-layout-flex wp-container-core-columns-is-layout-8b2cf334 wp-block-columns-is-layout-flex\" style=\"padding-top:40px\">\n<div class=\"wp-block-column is-layout-flow wp-block-column-is-layout-flow\" style=\"flex-basis:33.33%\"><\/div>\n\n\n\n<div class=\"wp-block-column is-layout-flow wp-block-column-is-layout-flow\" style=\"flex-basis:66.66%\">\n<h2 class=\"wp-block-heading\">Gegen die Angst<\/h2>\n<\/div>\n<\/div>\n\n\n\n<div class=\"wp-block-columns is-layout-flex wp-container-core-columns-is-layout-08e37db5 wp-block-columns-is-layout-flex\" style=\"padding-top:8px;padding-bottom:40px\">\n<div class=\"wp-block-column is-layout-flow wp-block-column-is-layout-flow\" style=\"flex-basis:33.33%\">\n<p class=\"has-martian-mono-font-family\" style=\"padding-top:2px;padding-right:8%;padding-bottom:16px;font-size:14px\">Nicht alles, was gef\u00e4hrlich aussieht ist auch gef\u00e4hrlich.<\/p>\n<\/div>\n\n\n\n<div class=\"wp-block-column max-width is-layout-flow wp-block-column-is-layout-flow\" style=\"flex-basis:50%\">\n<p>Aber wie wirkt sich Angst auf unser t\u00e4gliches Leben aus? Was k\u00f6nnen wir dagegen tun? Wir haben uns f\u00fcr eine ungew\u00f6hnliche Art des Reisens entschieden. Zwei \u00fcbereinandergeschwei\u00dfte Fahrradrahmen bilden ein Tallbike. Und ein Tallbike wirft Fragen nach Gefahr und Angst auf. Es erinnert uns st\u00e4ndig daran, wie wir Gefahr einsch\u00e4tzen. <br><br>Und w\u00e4hrend es sich \u00fcber gew\u00f6hnliche Fortbewegung und die Angst zu st\u00fcrzen lustig macht, zeigt uns das Tallbike etwas:<br>Nicht alles, was gef\u00e4hrlich aussieht, ist schlecht. Die \u00dcberwindung der Angst verwandelt sich in Freude. Und Freude f\u00fchrt zum Reden. Auf ihrem Weg von Halle durch Norddeutschland nach D\u00fcsseldorf sprachen sie st\u00e4ndig mit Menschen \u00fcber Angst und stellten fest, dass Angst viel mehr ist als nur ein Gef\u00fchl.<\/p>\n<\/div>\n<\/div>\n<\/div>\n\n\n\n<div class=\"wp-block-columns is-layout-flex wp-container-core-columns-is-layout-28f84493 wp-block-columns-is-layout-flex\">\n<div class=\"wp-block-column is-layout-flow wp-block-column-is-layout-flow\">\n<figure class=\"wp-block-image size-full\"><img loading=\"lazy\" decoding=\"async\" width=\"1920\" height=\"1080\" src=\"https:\/\/www.justus.plus\/wp-content\/uploads\/2020\/07\/SAM_1999.00_03_04_49.Standbild003.jpg\" alt=\"\" class=\"wp-image-421\" srcset=\"https:\/\/www.justus.plus\/wp-content\/uploads\/2020\/07\/SAM_1999.00_03_04_49.Standbild003.jpg 1920w, https:\/\/www.justus.plus\/wp-content\/uploads\/2020\/07\/SAM_1999.00_03_04_49.Standbild003-150x84.jpg 150w, https:\/\/www.justus.plus\/wp-content\/uploads\/2020\/07\/SAM_1999.00_03_04_49.Standbild003-768x432.jpg 768w, https:\/\/www.justus.plus\/wp-content\/uploads\/2020\/07\/SAM_1999.00_03_04_49.Standbild003-1536x864.jpg 1536w, https:\/\/www.justus.plus\/wp-content\/uploads\/2020\/07\/SAM_1999.00_03_04_49.Standbild003-1280x720.jpg 1280w, https:\/\/www.justus.plus\/wp-content\/uploads\/2020\/07\/SAM_1999.00_03_04_49.Standbild003-1024x576.jpg 1024w, https:\/\/www.justus.plus\/wp-content\/uploads\/2020\/07\/SAM_1999.00_03_04_49.Standbild003-512x288.jpg 512w, https:\/\/www.justus.plus\/wp-content\/uploads\/2020\/07\/SAM_1999.00_03_04_49.Standbild003-265x149.jpg 265w\" sizes=\"auto, (max-width: 1920px) 100vw, 1920px\" \/><\/figure>\n<\/div>\n\n\n\n<div class=\"wp-block-column is-layout-flow wp-block-column-is-layout-flow\">\n<figure class=\"wp-block-image size-full\"><img loading=\"lazy\" decoding=\"async\" width=\"1920\" height=\"1080\" src=\"https:\/\/www.justus.plus\/wp-content\/uploads\/2020\/07\/SAM_1999.00_01_59_20.Standbild002.jpg\" alt=\"\" class=\"wp-image-420\" srcset=\"https:\/\/www.justus.plus\/wp-content\/uploads\/2020\/07\/SAM_1999.00_01_59_20.Standbild002.jpg 1920w, https:\/\/www.justus.plus\/wp-content\/uploads\/2020\/07\/SAM_1999.00_01_59_20.Standbild002-150x84.jpg 150w, https:\/\/www.justus.plus\/wp-content\/uploads\/2020\/07\/SAM_1999.00_01_59_20.Standbild002-768x432.jpg 768w, https:\/\/www.justus.plus\/wp-content\/uploads\/2020\/07\/SAM_1999.00_01_59_20.Standbild002-1536x864.jpg 1536w, https:\/\/www.justus.plus\/wp-content\/uploads\/2020\/07\/SAM_1999.00_01_59_20.Standbild002-1280x720.jpg 1280w, https:\/\/www.justus.plus\/wp-content\/uploads\/2020\/07\/SAM_1999.00_01_59_20.Standbild002-1024x576.jpg 1024w, https:\/\/www.justus.plus\/wp-content\/uploads\/2020\/07\/SAM_1999.00_01_59_20.Standbild002-512x288.jpg 512w, https:\/\/www.justus.plus\/wp-content\/uploads\/2020\/07\/SAM_1999.00_01_59_20.Standbild002-265x149.jpg 265w\" sizes=\"auto, (max-width: 1920px) 100vw, 1920px\" \/><\/figure>\n<\/div>\n<\/div>\n\n\n\n<p><\/p>","protected":false},"excerpt":{"rendered":"<p>Wovor hast du Angst? F\u00fcr die meisten Menschen ist das eine schwierige Frage. Dennoch ist Angst eine unserer Hauptmotivationen im Leben und ein st\u00e4ndiges Thema in Politik und Medien. Die gro\u00dfen Themen in unserer heutigen Gesellschaft \u2013 Klimawandel, Migration, Arbeit, Terrorismus \u2013 stehen alle in direktem Zusammenhang mit Angst.<\/p>","protected":false},"author":1,"featured_media":121,"parent":0,"menu_order":9,"comment_status":"closed","ping_status":"closed","template":"","meta":{"_uag_custom_page_level_css":"","footnotes":""},"categories":[7],"tags":[23],"class_list":["post-116","page","type-page","status-publish","has-post-thumbnail","hentry","category-free","tag-daria-nazarenko"],"yoast_head":"<!-- This site is optimized with the Yoast SEO plugin v27.0 - https:\/\/yoast.com\/product\/yoast-seo-wordpress\/ -->\n<title>2 tallbikes for courage - Justus Pfeifer - design, illustration and hitshitshits<\/title>\n<meta name=\"description\" content=\"2 tallbikes for courage. DIY bike project against fear. Design research in germany.\" \/>\n<meta name=\"robots\" content=\"index, follow, max-snippet:-1, max-image-preview:large, max-video-preview:-1\" \/>\n<link rel=\"canonical\" href=\"https:\/\/www.justus.plus\/de\/2tallbikesforcourage\/\" \/>\n<meta property=\"og:locale\" content=\"de_DE\" \/>\n<meta property=\"og:type\" content=\"article\" \/>\n<meta property=\"og:title\" content=\"2 tallbikes for courage - Justus Pfeifer - design, illustration and hitshitshits\" \/>\n<meta property=\"og:description\" content=\"2 tallbikes for courage. DIY bike project against fear. Design research in germany.\" \/>\n<meta property=\"og:url\" content=\"https:\/\/www.justus.plus\/de\/2tallbikesforcourage\/\" \/>\n<meta property=\"og:site_name\" content=\"Justus Pfeifer -- design, illustration and hitshitshits\" \/>\n<meta property=\"article:modified_time\" content=\"2025-01-22T09:44:20+00:00\" \/>\n<meta property=\"og:image\" content=\"https:\/\/www.justus.plus\/wp-content\/uploads\/2020\/04\/SAM_1999.00_01_08_19.Standbild011.jpg\" \/>\n\t<meta property=\"og:image:width\" content=\"1920\" \/>\n\t<meta property=\"og:image:height\" content=\"1080\" \/>\n\t<meta property=\"og:image:type\" content=\"image\/jpeg\" \/>\n<meta name=\"twitter:card\" content=\"summary_large_image\" \/>\n<meta name=\"twitter:label1\" content=\"Gesch\u00e4tzte Lesezeit\" \/>\n\t<meta name=\"twitter:data1\" content=\"2\u00a0Minuten\" \/>\n<script type=\"application\/ld+json\" class=\"yoast-schema-graph\">{\"@context\":\"https:\/\/schema.org\",\"@graph\":[{\"@type\":\"WebPage\",\"@id\":\"https:\/\/www.justus.plus\/2tallbikesforcourage\/\",\"url\":\"https:\/\/www.justus.plus\/2tallbikesforcourage\/\",\"name\":\"2 tallbikes for courage - Justus Pfeifer - design, illustration and hitshitshits\",\"isPartOf\":{\"@id\":\"https:\/\/www.justus.plus\/#website\"},\"primaryImageOfPage\":{\"@id\":\"https:\/\/www.justus.plus\/2tallbikesforcourage\/#primaryimage\"},\"image\":{\"@id\":\"https:\/\/www.justus.plus\/2tallbikesforcourage\/#primaryimage\"},\"thumbnailUrl\":\"https:\/\/www.justus.plus\/wp-content\/uploads\/2020\/04\/SAM_1999.00_01_08_19.Standbild011.jpg\",\"datePublished\":\"2020-04-30T13:58:34+00:00\",\"dateModified\":\"2025-01-22T09:44:20+00:00\",\"description\":\"2 tallbikes for courage. DIY bike project against fear. Design research in germany.\",\"breadcrumb\":{\"@id\":\"https:\/\/www.justus.plus\/2tallbikesforcourage\/#breadcrumb\"},\"inLanguage\":\"de\",\"potentialAction\":[{\"@type\":\"ReadAction\",\"target\":[\"https:\/\/www.justus.plus\/2tallbikesforcourage\/\"]}]},{\"@type\":\"ImageObject\",\"inLanguage\":\"de\",\"@id\":\"https:\/\/www.justus.plus\/2tallbikesforcourage\/#primaryimage\",\"url\":\"https:\/\/www.justus.plus\/wp-content\/uploads\/2020\/04\/SAM_1999.00_01_08_19.Standbild011.jpg\",\"contentUrl\":\"https:\/\/www.justus.plus\/wp-content\/uploads\/2020\/04\/SAM_1999.00_01_08_19.Standbild011.jpg\",\"width\":1920,\"height\":1080,\"caption\":\"Two tallbikes infront of a corn field\"},{\"@type\":\"BreadcrumbList\",\"@id\":\"https:\/\/www.justus.plus\/2tallbikesforcourage\/#breadcrumb\",\"itemListElement\":[{\"@type\":\"ListItem\",\"position\":1,\"name\":\"Home\",\"item\":\"https:\/\/www.justus.plus\/\"},{\"@type\":\"ListItem\",\"position\":2,\"name\":\"2 tallbikes for courage\"}]},{\"@type\":\"WebSite\",\"@id\":\"https:\/\/www.justus.plus\/#website\",\"url\":\"https:\/\/www.justus.plus\/\",\"name\":\"Justus Pfeifer -- design and hitshitshits\",\"description\":\"\",\"potentialAction\":[{\"@type\":\"SearchAction\",\"target\":{\"@type\":\"EntryPoint\",\"urlTemplate\":\"https:\/\/www.justus.plus\/?s={search_term_string}\"},\"query-input\":{\"@type\":\"PropertyValueSpecification\",\"valueRequired\":true,\"valueName\":\"search_term_string\"}}],\"inLanguage\":\"de\"}]}<\/script>\n<!-- \/ Yoast SEO plugin. -->","yoast_head_json":{"title":"2 tallbikes for courage - Justus Pfeifer - design, illustration and hitshitshits","description":"2 tallbikes for courage. DIY bike project against fear. Design research in germany.","robots":{"index":"index","follow":"follow","max-snippet":"max-snippet:-1","max-image-preview":"max-image-preview:large","max-video-preview":"max-video-preview:-1"},"canonical":"https:\/\/www.justus.plus\/de\/2tallbikesforcourage\/","og_locale":"de_DE","og_type":"article","og_title":"2 tallbikes for courage - Justus Pfeifer - design, illustration and hitshitshits","og_description":"2 tallbikes for courage. DIY bike project against fear. Design research in germany.","og_url":"https:\/\/www.justus.plus\/de\/2tallbikesforcourage\/","og_site_name":"Justus Pfeifer -- design, illustration and hitshitshits","article_modified_time":"2025-01-22T09:44:20+00:00","og_image":[{"width":1920,"height":1080,"url":"https:\/\/www.justus.plus\/wp-content\/uploads\/2020\/04\/SAM_1999.00_01_08_19.Standbild011.jpg","type":"image\/jpeg"}],"twitter_card":"summary_large_image","twitter_misc":{"Gesch\u00e4tzte Lesezeit":"2\u00a0Minuten"},"schema":{"@context":"https:\/\/schema.org","@graph":[{"@type":"WebPage","@id":"https:\/\/www.justus.plus\/2tallbikesforcourage\/","url":"https:\/\/www.justus.plus\/2tallbikesforcourage\/","name":"2 tallbikes for courage - Justus Pfeifer - design, illustration and hitshitshits","isPartOf":{"@id":"https:\/\/www.justus.plus\/#website"},"primaryImageOfPage":{"@id":"https:\/\/www.justus.plus\/2tallbikesforcourage\/#primaryimage"},"image":{"@id":"https:\/\/www.justus.plus\/2tallbikesforcourage\/#primaryimage"},"thumbnailUrl":"https:\/\/www.justus.plus\/wp-content\/uploads\/2020\/04\/SAM_1999.00_01_08_19.Standbild011.jpg","datePublished":"2020-04-30T13:58:34+00:00","dateModified":"2025-01-22T09:44:20+00:00","description":"2 tallbikes for courage. DIY bike project against fear. Design research in germany.","breadcrumb":{"@id":"https:\/\/www.justus.plus\/2tallbikesforcourage\/#breadcrumb"},"inLanguage":"de","potentialAction":[{"@type":"ReadAction","target":["https:\/\/www.justus.plus\/2tallbikesforcourage\/"]}]},{"@type":"ImageObject","inLanguage":"de","@id":"https:\/\/www.justus.plus\/2tallbikesforcourage\/#primaryimage","url":"https:\/\/www.justus.plus\/wp-content\/uploads\/2020\/04\/SAM_1999.00_01_08_19.Standbild011.jpg","contentUrl":"https:\/\/www.justus.plus\/wp-content\/uploads\/2020\/04\/SAM_1999.00_01_08_19.Standbild011.jpg","width":1920,"height":1080,"caption":"Two tallbikes infront of a corn field"},{"@type":"BreadcrumbList","@id":"https:\/\/www.justus.plus\/2tallbikesforcourage\/#breadcrumb","itemListElement":[{"@type":"ListItem","position":1,"name":"Home","item":"https:\/\/www.justus.plus\/"},{"@type":"ListItem","position":2,"name":"2 tallbikes for courage"}]},{"@type":"WebSite","@id":"https:\/\/www.justus.plus\/#website","url":"https:\/\/www.justus.plus\/","name":"Justus Pfeifer -- design and hitshitshits","description":"","potentialAction":[{"@type":"SearchAction","target":{"@type":"EntryPoint","urlTemplate":"https:\/\/www.justus.plus\/?s={search_term_string}"},"query-input":{"@type":"PropertyValueSpecification","valueRequired":true,"valueName":"search_term_string"}}],"inLanguage":"de"}]}},"uagb_featured_image_src":{"full":["https:\/\/www.justus.plus\/wp-content\/uploads\/2020\/04\/SAM_1999.00_01_08_19.Standbild011.jpg",1920,1080,false],"thumbnail":["https:\/\/www.justus.plus\/wp-content\/uploads\/2020\/04\/SAM_1999.00_01_08_19.Standbild011-150x150.jpg",96,96,true],"medium":["https:\/\/www.justus.plus\/wp-content\/uploads\/2020\/04\/SAM_1999.00_01_08_19.Standbild011-300x169.jpg",150,85,true],"medium_large":["https:\/\/www.justus.plus\/wp-content\/uploads\/2020\/04\/SAM_1999.00_01_08_19.Standbild011-768x432.jpg",768,432,true],"large":["https:\/\/www.justus.plus\/wp-content\/uploads\/2020\/04\/SAM_1999.00_01_08_19.Standbild011-1024x576.jpg",1024,576,true],"1536x1536":["https:\/\/www.justus.plus\/wp-content\/uploads\/2020\/04\/SAM_1999.00_01_08_19.Standbild011-1536x864.jpg",1536,864,true],"2048x2048":["https:\/\/www.justus.plus\/wp-content\/uploads\/2020\/04\/SAM_1999.00_01_08_19.Standbild011.jpg",1920,1080,false],"trp-custom-language-flag":["https:\/\/www.justus.plus\/wp-content\/uploads\/2020\/04\/SAM_1999.00_01_08_19.Standbild011.jpg",18,10,false]},"uagb_author_info":{"display_name":"Uranol","author_link":"https:\/\/www.justus.plus\/de\/author\/uranol\/"},"uagb_comment_info":0,"uagb_excerpt":"What are you afraid of? For most people this is a difficult question. Nevertheless fear is one of our main motivations in life and a constant issue in politics and media. The big topics of our nowadays society: climate change, migration, work, terrorism, they all are directly connected to fear.","_links":{"self":[{"href":"https:\/\/www.justus.plus\/de\/wp-json\/wp\/v2\/pages\/116","targetHints":{"allow":["GET"]}}],"collection":[{"href":"https:\/\/www.justus.plus\/de\/wp-json\/wp\/v2\/pages"}],"about":[{"href":"https:\/\/www.justus.plus\/de\/wp-json\/wp\/v2\/types\/page"}],"author":[{"embeddable":true,"href":"https:\/\/www.justus.plus\/de\/wp-json\/wp\/v2\/users\/1"}],"replies":[{"embeddable":true,"href":"https:\/\/www.justus.plus\/de\/wp-json\/wp\/v2\/comments?post=116"}],"version-history":[{"count":29,"href":"https:\/\/www.justus.plus\/de\/wp-json\/wp\/v2\/pages\/116\/revisions"}],"predecessor-version":[{"id":1404,"href":"https:\/\/www.justus.plus\/de\/wp-json\/wp\/v2\/pages\/116\/revisions\/1404"}],"wp:featuredmedia":[{"embeddable":true,"href":"https:\/\/www.justus.plus\/de\/wp-json\/wp\/v2\/media\/121"}],"wp:attachment":[{"href":"https:\/\/www.justus.plus\/de\/wp-json\/wp\/v2\/media?parent=116"}],"wp:term":[{"taxonomy":"category","embeddable":true,"href":"https:\/\/www.justus.plus\/de\/wp-json\/wp\/v2\/categories?post=116"},{"taxonomy":"post_tag","embeddable":true,"href":"https:\/\/www.justus.plus\/de\/wp-json\/wp\/v2\/tags?post=116"}],"curies":[{"name":"wp","href":"https:\/\/api.w.org\/{rel}","templated":true}]}}